{"id":13422,"date":"2020-03-30T20:09:25","date_gmt":"2020-03-30T18:09:25","guid":{"rendered":"https:\/\/kelgukoerad.ee\/hellerkantri\/?page_id=13422"},"modified":"2020-04-01T14:04:49","modified_gmt":"2020-04-01T12:04:49","slug":"embla","status":"publish","type":"page","link":"https:\/\/kelgukoerad.ee\/hellerkantri\/embla\/","title":{"rendered":"Hellerkantri Embla"},"content":{"rendered":"\n<p><strong>Meie p\u00f5hiline v\u00f5istluskoer aastast 2014 ja rakendi tiimikoer<\/strong><\/p>\n\n\n\n<p><strong>S\u00fcndinud: <\/strong>18.10.2013<br><strong>Ema: <\/strong><a href=\"https:\/\/kelgukoerad.ee\/hellerkantri\/zissy\/\">Hellerkantri Zissy<\/a><br><strong>Isa:<\/strong> <a href=\"https:\/\/kelgukoerad.ee\/hellerkantri\/enzo-begantis-vilkas\">Enzo Begantis Vilkas<\/a><br><strong>P\u00f5hjamaiste kelgukoerte veokatse:<\/strong> hinne suurep\u00e4rane (VEO1- 20km), K\u00f5rvemaa<br><strong>Kasvataja &amp; omanik:<\/strong> Helle Kaljula<br><a rel=\"noreferrer noopener\" href=\"https:\/\/register.kennelliit.ee\/index.php?page=dogCard&amp;dogId=178453\" target=\"_blank\">FCI \/ Eesti Kennelliidu register<\/a><br><\/p>\n\n\n\n<figure class=\"wp-block-image size-large\"><img loading=\"lazy\" width=\"1572\" height=\"1048\" src=\"https:\/\/kelgukoerad.ee\/hellerkantri\/wp-content\/uploads\/2020\/03\/Siberi-husky-Hellerkantri-Zissy-2019-1572x1048.jpg\" alt=\"\" class=\"wp-image-13541\" srcset=\"https:\/\/kelgukoerad.ee\/hellerkantri\/wp-content\/uploads\/2020\/03\/Siberi-husky-Hellerkantri-Zissy-2019-1572x1048.jpg 1572w, https:\/\/kelgukoerad.ee\/hellerkantri\/wp-content\/uploads\/2020\/03\/Siberi-husky-Hellerkantri-Zissy-2019-300x200.jpg 300w, https:\/\/kelgukoerad.ee\/hellerkantri\/wp-content\/uploads\/2020\/03\/Siberi-husky-Hellerkantri-Zissy-2019-200x133.jpg 200w, https:\/\/kelgukoerad.ee\/hellerkantri\/wp-content\/uploads\/2020\/03\/Siberi-husky-Hellerkantri-Zissy-2019-768x512.jpg 768w, https:\/\/kelgukoerad.ee\/hellerkantri\/wp-content\/uploads\/2020\/03\/Siberi-husky-Hellerkantri-Zissy-2019-1536x1024.jpg 1536w, https:\/\/kelgukoerad.ee\/hellerkantri\/wp-content\/uploads\/2020\/03\/Siberi-husky-Hellerkantri-Zissy-2019.jpg 2048w\" sizes=\"(max-width: 1572px) 100vw, 1572px\" \/><figcaption>Embla s\u00fcgisesel treeningul, 2019a.<\/figcaption><\/figure>\n\n\n\n<figure class=\"wp-block-image size-large\"><img loading=\"lazy\" width=\"417\" height=\"600\" src=\"https:\/\/kelgukoerad.ee\/hellerkantri\/wp-content\/uploads\/2017\/11\/Hellerkantri-Embla-1-417x600.jpg\" alt=\"\" class=\"wp-image-9534\" srcset=\"https:\/\/kelgukoerad.ee\/hellerkantri\/wp-content\/uploads\/2017\/11\/Hellerkantri-Embla-1-417x600.jpg 417w, https:\/\/kelgukoerad.ee\/hellerkantri\/wp-content\/uploads\/2017\/11\/Hellerkantri-Embla-1-600x863.jpg 600w, https:\/\/kelgukoerad.ee\/hellerkantri\/wp-content\/uploads\/2017\/11\/Hellerkantri-Embla-1-139x200.jpg 139w, https:\/\/kelgukoerad.ee\/hellerkantri\/wp-content\/uploads\/2017\/11\/Hellerkantri-Embla-1-209x300.jpg 209w, https:\/\/kelgukoerad.ee\/hellerkantri\/wp-content\/uploads\/2017\/11\/Hellerkantri-Embla-1-768x1105.jpg 768w, https:\/\/kelgukoerad.ee\/hellerkantri\/wp-content\/uploads\/2017\/11\/Hellerkantri-Embla-1.jpg 1112w\" sizes=\"(max-width: 417px) 100vw, 417px\" \/><figcaption>Embla Valgevenes veokoeraspordi v\u00f5istlusel stake-oudis.<\/figcaption><\/figure>\n\n\n\n<figure class=\"wp-block-image size-large\"><img loading=\"lazy\" width=\"750\" height=\"500\" src=\"https:\/\/kelgukoerad.ee\/hellerkantri\/wp-content\/uploads\/2017\/11\/Energyman-Embla-siberi-huskyd-750x500.jpg\" alt=\"\" class=\"wp-image-9527\" srcset=\"https:\/\/kelgukoerad.ee\/hellerkantri\/wp-content\/uploads\/2017\/11\/Energyman-Embla-siberi-huskyd-750x500.jpg 750w, https:\/\/kelgukoerad.ee\/hellerkantri\/wp-content\/uploads\/2017\/11\/Energyman-Embla-siberi-huskyd-600x400.jpg 600w, https:\/\/kelgukoerad.ee\/hellerkantri\/wp-content\/uploads\/2017\/11\/Energyman-Embla-siberi-huskyd-200x133.jpg 200w, https:\/\/kelgukoerad.ee\/hellerkantri\/wp-content\/uploads\/2017\/11\/Energyman-Embla-siberi-huskyd-300x200.jpg 300w, https:\/\/kelgukoerad.ee\/hellerkantri\/wp-content\/uploads\/2017\/11\/Energyman-Embla-siberi-huskyd-768x512.jpg 768w, https:\/\/kelgukoerad.ee\/hellerkantri\/wp-content\/uploads\/2017\/11\/Energyman-Embla-siberi-huskyd.jpg 1600w\" sizes=\"(max-width: 750px) 100vw, 750px\" \/><figcaption>Energyman ja Embla v\u00f5istlusel.<\/figcaption><\/figure>\n\n\n\n<figure class=\"wp-container-2 wp-block-gallery-1 wp-block-gallery columns-2 is-cropped\"><ul class=\"blocks-gallery-grid\"><li class=\"blocks-gallery-item\"><figure><img loading=\"lazy\" width=\"428\" height=\"600\" src=\"https:\/\/kelgukoerad.ee\/hellerkantri\/wp-content\/uploads\/2014\/05\/Embla-3-428x600.jpg\" alt=\"\" data-id=\"7149\" data-full-url=\"https:\/\/kelgukoerad.ee\/hellerkantri\/wp-content\/uploads\/2014\/05\/Embla-3.jpg\" data-link=\"https:\/\/kelgukoerad.ee\/hellerkantri\/siberi-husky\/hellerkantri-embla\/embla-3\/#main\" class=\"wp-image-7149\" srcset=\"https:\/\/kelgukoerad.ee\/hellerkantri\/wp-content\/uploads\/2014\/05\/Embla-3-428x600.jpg 428w, https:\/\/kelgukoerad.ee\/hellerkantri\/wp-content\/uploads\/2014\/05\/Embla-3-600x840.jpg 600w, https:\/\/kelgukoerad.ee\/hellerkantri\/wp-content\/uploads\/2014\/05\/Embla-3-142x200.jpg 142w, https:\/\/kelgukoerad.ee\/hellerkantri\/wp-content\/uploads\/2014\/05\/Embla-3-214x300.jpg 214w, https:\/\/kelgukoerad.ee\/hellerkantri\/wp-content\/uploads\/2014\/05\/Embla-3-135x190.jpg 135w, https:\/\/kelgukoerad.ee\/hellerkantri\/wp-content\/uploads\/2014\/05\/Embla-3-57x80.jpg 57w, https:\/\/kelgukoerad.ee\/hellerkantri\/wp-content\/uploads\/2014\/05\/Embla-3-239x335.jpg 239w, https:\/\/kelgukoerad.ee\/hellerkantri\/wp-content\/uploads\/2014\/05\/Embla-3.jpg 714w\" sizes=\"(max-width: 428px) 100vw, 428px\" \/><\/figure><\/li><li class=\"blocks-gallery-item\"><figure><img loading=\"lazy\" width=\"400\" height=\"600\" src=\"https:\/\/kelgukoerad.ee\/hellerkantri\/wp-content\/uploads\/2014\/05\/Hellerkantri-Embla-400x600.jpg\" alt=\"\" data-id=\"6112\" data-full-url=\"https:\/\/kelgukoerad.ee\/hellerkantri\/wp-content\/uploads\/2014\/05\/Hellerkantri-Embla.jpg\" data-link=\"https:\/\/kelgukoerad.ee\/hellerkantri\/siberi-husky\/hellerkantri-embla\/hellerkantri-embla-2\/#main\" class=\"wp-image-6112\" srcset=\"https:\/\/kelgukoerad.ee\/hellerkantri\/wp-content\/uploads\/2014\/05\/Hellerkantri-Embla-400x600.jpg 400w, https:\/\/kelgukoerad.ee\/hellerkantri\/wp-content\/uploads\/2014\/05\/Hellerkantri-Embla-600x898.jpg 600w, https:\/\/kelgukoerad.ee\/hellerkantri\/wp-content\/uploads\/2014\/05\/Hellerkantri-Embla-133x200.jpg 133w, https:\/\/kelgukoerad.ee\/hellerkantri\/wp-content\/uploads\/2014\/05\/Hellerkantri-Embla-200x300.jpg 200w, https:\/\/kelgukoerad.ee\/hellerkantri\/wp-content\/uploads\/2014\/05\/Hellerkantri-Embla-126x190.jpg 126w, https:\/\/kelgukoerad.ee\/hellerkantri\/wp-content\/uploads\/2014\/05\/Hellerkantri-Embla-53x80.jpg 53w, https:\/\/kelgukoerad.ee\/hellerkantri\/wp-content\/uploads\/2014\/05\/Hellerkantri-Embla-223x335.jpg 223w, https:\/\/kelgukoerad.ee\/hellerkantri\/wp-content\/uploads\/2014\/05\/Hellerkantri-Embla.jpg 668w\" sizes=\"(max-width: 400px) 100vw, 400px\" \/><\/figure><\/li><\/ul><figcaption class=\"blocks-gallery-caption\">Embla ca 2-aastasena vs Embla 6-kuusena. <br>P\u00e4iksega muutub Embla kasukas kollakaks, uus karv on alati tume :) <br><br><\/figcaption><\/figure>\n\n\n\n<p><\/p>\n\n\n\n<p><\/p>\n\n\n\n<figure class=\"wp-block-image size-large\"><img loading=\"lazy\" width=\"750\" height=\"501\" src=\"https:\/\/kelgukoerad.ee\/hellerkantri\/wp-content\/uploads\/2014\/05\/Embla-750x501.jpg\" alt=\"\" class=\"wp-image-6651\" srcset=\"https:\/\/kelgukoerad.ee\/hellerkantri\/wp-content\/uploads\/2014\/05\/Embla-750x501.jpg 750w, https:\/\/kelgukoerad.ee\/hellerkantri\/wp-content\/uploads\/2014\/05\/Embla-600x401.jpg 600w, https:\/\/kelgukoerad.ee\/hellerkantri\/wp-content\/uploads\/2014\/05\/Embla-200x133.jpg 200w, https:\/\/kelgukoerad.ee\/hellerkantri\/wp-content\/uploads\/2014\/05\/Embla-300x200.jpg 300w, https:\/\/kelgukoerad.ee\/hellerkantri\/wp-content\/uploads\/2014\/05\/Embla-190x126.jpg 190w, https:\/\/kelgukoerad.ee\/hellerkantri\/wp-content\/uploads\/2014\/05\/Embla-60x40.jpg 60w, https:\/\/kelgukoerad.ee\/hellerkantri\/wp-content\/uploads\/2014\/05\/Embla-400x267.jpg 400w, https:\/\/kelgukoerad.ee\/hellerkantri\/wp-content\/uploads\/2014\/05\/Embla.jpg 958w\" sizes=\"(max-width: 750px) 100vw, 750px\" \/><\/figure>\n\n\n\n<figure class=\"wp-block-image size-large\"><img loading=\"lazy\" width=\"750\" height=\"501\" src=\"https:\/\/kelgukoerad.ee\/hellerkantri\/wp-content\/uploads\/2013\/05\/siberi-husky-Hellerkantri-Embla-17-11-2013-750x501.jpg\" alt=\"\" class=\"wp-image-5387\" srcset=\"https:\/\/kelgukoerad.ee\/hellerkantri\/wp-content\/uploads\/2013\/05\/siberi-husky-Hellerkantri-Embla-17-11-2013-750x501.jpg 750w, https:\/\/kelgukoerad.ee\/hellerkantri\/wp-content\/uploads\/2013\/05\/siberi-husky-Hellerkantri-Embla-17-11-2013-600x401.jpg 600w, https:\/\/kelgukoerad.ee\/hellerkantri\/wp-content\/uploads\/2013\/05\/siberi-husky-Hellerkantri-Embla-17-11-2013-200x133.jpg 200w, https:\/\/kelgukoerad.ee\/hellerkantri\/wp-content\/uploads\/2013\/05\/siberi-husky-Hellerkantri-Embla-17-11-2013-300x200.jpg 300w, https:\/\/kelgukoerad.ee\/hellerkantri\/wp-content\/uploads\/2013\/05\/siberi-husky-Hellerkantri-Embla-17-11-2013-190x126.jpg 190w, https:\/\/kelgukoerad.ee\/hellerkantri\/wp-content\/uploads\/2013\/05\/siberi-husky-Hellerkantri-Embla-17-11-2013-60x40.jpg 60w, https:\/\/kelgukoerad.ee\/hellerkantri\/wp-content\/uploads\/2013\/05\/siberi-husky-Hellerkantri-Embla-17-11-2013-400x267.jpg 400w, https:\/\/kelgukoerad.ee\/hellerkantri\/wp-content\/uploads\/2013\/05\/siberi-husky-Hellerkantri-Embla-17-11-2013.jpg 1000w\" sizes=\"(max-width: 750px) 100vw, 750px\" \/><figcaption>Pisike \u0161okolaadi-j\u00e4nku Embla, 2013a.<\/figcaption><\/figure>\n","protected":false},"excerpt":{"rendered":"<p>Meie p\u00f5hiline v\u00f5istluskoer aastast 2014 ja rakendi tiimikoer S\u00fcndinud: 18.10.2013Ema: Hellerkantri ZissyIsa: Enzo Begantis VilkasP\u00f5hjamaiste kelgukoerte veokatse: hinne suurep\u00e4rane (VEO1- 20km), K\u00f5rvemaaKasvataja &amp; omanik: Helle KaljulaFCI \/ Eesti Kennelliidu register<\/p>\n","protected":false},"author":1,"featured_media":13431,"parent":0,"menu_order":0,"comment_status":"closed","ping_status":"closed","template":"","meta":{"_monsterinsights_skip_tracking":false,"_monsterinsights_sitenote_active":false,"_monsterinsights_sitenote_note":"","_monsterinsights_sitenote_category":0},"yoast_head":"<!-- This site is optimized with the Yoast SEO plugin v14.9 - https:\/\/yoast.com\/wordpress\/plugins\/seo\/ -->\n<title>Hellerkantri Embla - Hellerkantri Huskypark<\/title>\n<meta name=\"robots\" content=\"index, follow, max-snippet:-1, max-image-preview:large, max-video-preview:-1\" \/>\n<link rel=\"canonical\" href=\"https:\/\/kelgukoerad.ee\/hellerkantri\/embla\/\" \/>\n<meta property=\"og:locale\" content=\"en_US\" \/>\n<meta property=\"og:type\" content=\"article\" \/>\n<meta property=\"og:title\" content=\"Hellerkantri Embla - Hellerkantri Huskypark\" \/>\n<meta property=\"og:description\" content=\"Meie p\u00f5hiline v\u00f5istluskoer aastast 2014 ja rakendi tiimikoer S\u00fcndinud: 18.10.2013Ema: Hellerkantri ZissyIsa: Enzo Begantis VilkasP\u00f5hjamaiste kelgukoerte veokatse: hinne suurep\u00e4rane (VEO1- 20km), K\u00f5rvemaaKasvataja &amp; omanik: Helle KaljulaFCI \/ Eesti Kennelliidu register\" \/>\n<meta property=\"og:url\" content=\"https:\/\/kelgukoerad.ee\/hellerkantri\/embla\/\" \/>\n<meta property=\"og:site_name\" content=\"Hellerkantri Huskypark\" \/>\n<meta property=\"article:modified_time\" content=\"2020-04-01T12:04:49+00:00\" \/>\n<meta property=\"og:image\" content=\"https:\/\/kelgukoerad.ee\/hellerkantri\/wp-content\/uploads\/2020\/03\/Hellerkantri-Embla-2018.jpg\" \/>\n\t<meta property=\"og:image:width\" content=\"1988\" \/>\n\t<meta property=\"og:image:height\" content=\"910\" \/>\n<meta name=\"twitter:card\" content=\"summary_large_image\" \/>\n<script type=\"application\/ld+json\" class=\"yoast-schema-graph\">{\"@context\":\"https:\/\/schema.org\",\"@graph\":[{\"@type\":\"WebSite\",\"@id\":\"https:\/\/kelgukoerad.ee\/hellerkantri\/#website\",\"url\":\"https:\/\/kelgukoerad.ee\/hellerkantri\/\",\"name\":\"Hellerkantri Huskypark\",\"description\":\"Hellerkantri Huskypark - kelgukoerte kasvandus ja talu Raplamaal\",\"potentialAction\":[{\"@type\":\"SearchAction\",\"target\":\"https:\/\/kelgukoerad.ee\/hellerkantri\/?s={search_term_string}\",\"query-input\":\"required name=search_term_string\"}],\"inLanguage\":\"en-US\"},{\"@type\":\"ImageObject\",\"@id\":\"https:\/\/kelgukoerad.ee\/hellerkantri\/embla\/#primaryimage\",\"inLanguage\":\"en-US\",\"url\":\"https:\/\/kelgukoerad.ee\/hellerkantri\/wp-content\/uploads\/2020\/03\/Hellerkantri-Embla-2018.jpg\",\"width\":1988,\"height\":910,\"caption\":\"Hellerkantri Embla\"},{\"@type\":\"WebPage\",\"@id\":\"https:\/\/kelgukoerad.ee\/hellerkantri\/embla\/#webpage\",\"url\":\"https:\/\/kelgukoerad.ee\/hellerkantri\/embla\/\",\"name\":\"Hellerkantri Embla - Hellerkantri Huskypark\",\"isPartOf\":{\"@id\":\"https:\/\/kelgukoerad.ee\/hellerkantri\/#website\"},\"primaryImageOfPage\":{\"@id\":\"https:\/\/kelgukoerad.ee\/hellerkantri\/embla\/#primaryimage\"},\"datePublished\":\"2020-03-30T18:09:25+00:00\",\"dateModified\":\"2020-04-01T12:04:49+00:00\",\"inLanguage\":\"en-US\",\"potentialAction\":[{\"@type\":\"ReadAction\",\"target\":[\"https:\/\/kelgukoerad.ee\/hellerkantri\/embla\/\"]}]}]}<\/script>\n<!-- \/ Yoast SEO plugin. -->","_links":{"self":[{"href":"https:\/\/kelgukoerad.ee\/hellerkantri\/wp-json\/wp\/v2\/pages\/13422"}],"collection":[{"href":"https:\/\/kelgukoerad.ee\/hellerkantri\/wp-json\/wp\/v2\/pages"}],"about":[{"href":"https:\/\/kelgukoerad.ee\/hellerkantri\/wp-json\/wp\/v2\/types\/page"}],"author":[{"embeddable":true,"href":"https:\/\/kelgukoerad.ee\/hellerkantri\/wp-json\/wp\/v2\/users\/1"}],"replies":[{"embeddable":true,"href":"https:\/\/kelgukoerad.ee\/hellerkantri\/wp-json\/wp\/v2\/comments?post=13422"}],"version-history":[{"count":11,"href":"https:\/\/kelgukoerad.ee\/hellerkantri\/wp-json\/wp\/v2\/pages\/13422\/revisions"}],"predecessor-version":[{"id":13542,"href":"https:\/\/kelgukoerad.ee\/hellerkantri\/wp-json\/wp\/v2\/pages\/13422\/revisions\/13542"}],"wp:featuredmedia":[{"embeddable":true,"href":"https:\/\/kelgukoerad.ee\/hellerkantri\/wp-json\/wp\/v2\/media\/13431"}],"wp:attachment":[{"href":"https:\/\/kelgukoerad.ee\/hellerkantri\/wp-json\/wp\/v2\/media?parent=13422"}],"curies":[{"name":"wp","href":"https:\/\/api.w.org\/{rel}","templated":true}]}}